{"id":244187,"date":"2022-05-17T08:12:54","date_gmt":"2022-05-17T08:12:54","guid":{"rendered":"https:\/\/colleverdehotel.it\/fr\/?page_id=244187"},"modified":"2023-12-27T16:56:51","modified_gmt":"2023-12-27T16:56:51","slug":"agrigento","status":"publish","type":"page","link":"https:\/\/colleverdehotel.it\/fr\/agrigento\/","title":{"rendered":"Agrigento"},"content":{"rendered":"<p>[et_pb_section fb_built=&#8221;1&#8243; disabled_on=&#8221;on|on|off&#8221; _builder_version=&#8221;4.17.4&#8243; _module_preset=&#8221;default&#8221; custom_padding=&#8221;0px||0px||false|false&#8221; global_colors_info=&#8221;{}&#8221;][et_pb_row _builder_version=&#8221;4.17.4&#8243; _module_preset=&#8221;default&#8221; width=&#8221;100%&#8221; max_width=&#8221;100%&#8221; custom_padding=&#8221;0px||0px||false|false&#8221; global_colors_info=&#8221;{}&#8221;][et_pb_column type=&#8221;4_4&#8243; _builder_version=&#8221;4.16&#8243; _module_preset=&#8221;default&#8221; global_colors_info=&#8221;{}&#8221;][et_pb_slider use_bg_overlay=&#8221;on&#8221; bg_overlay_color=&#8221;rgba(27,18,38,0.74)&#8221; _builder_version=&#8221;4.23.2&#8243; _module_preset=&#8221;default&#8221; header_font=&#8221;Montserrat|800|||||||&#8221; header_font_size=&#8221;5vw&#8221; body_font=&#8221;|600|||||||&#8221; body_font_size=&#8221;16px&#8221; body_line_height=&#8221;1.8em&#8221; background_color=&#8221;#594d47&#8243; custom_button=&#8221;on&#8221; button_text_size=&#8221;16px&#8221; button_bg_color=&#8221;#CF1259&#8243; button_border_width=&#8221;0px&#8221; button_border_radius=&#8221;0px&#8221; button_font=&#8221;|700||on|||||&#8221; button_custom_padding=&#8221;15px|30px|15px|30px|true|true&#8221; content_max_width=&#8221;90%&#8221; min_height=&#8221;50vh&#8221; auto=&#8221;on&#8221; hover_enabled=&#8221;0&#8243; header_font_size_tablet=&#8221;40px&#8221; header_font_size_phone=&#8221;&#8221; header_font_size_last_edited=&#8221;on|desktop&#8221; custom_css_main_element=&#8221;min-height: calc(100vh &#8211; 80px)!important;&#8221; custom_css_slide_arrows=&#8221;font-size: 8vw !important;||margin-top: -4vw;&#8221; header_text_shadow_style=&#8221;preset3&#8243; header_text_shadow_color=&#8221;rgba(0,0,0,0)&#8221; body_text_shadow_style=&#8221;preset3&#8243; body_text_shadow_color=&#8221;RGBA(0,0,0,0)&#8221; box_shadow_style_image=&#8221;preset4&#8243; box_shadow_horizontal_image=&#8221;-8vw&#8221; box_shadow_vertical_image=&#8221;-8vw&#8221; box_shadow_spread_image=&#8221;-6.4vw&#8221; box_shadow_color_image=&#8221;#b4a487&#8243; global_colors_info=&#8221;{}&#8221; sticky_enabled=&#8221;0&#8243;][et_pb_slide heading=&#8221;COLLEVERDE PARK HOTEL&#8221; button_text=&#8221;D\u00e9couvrez l&#8217;h\u00f4tel&#8221; button_link=&#8221;@ET-DC@eyJkeW5hbWljIjp0cnVlLCJjb250ZW50IjoicG9zdF9saW5rX3VybF9wYWdlIiwic2V0dGluZ3MiOnsicG9zdF9pZCI6IjI0NDc0MSJ9fQ==@&#8221; image=&#8221;https:\/\/colleverdehotel.it\/fr\/wp-content\/uploads\/sites\/9\/2022\/05\/PANORAMA.jpg&#8221; _builder_version=&#8221;4.21.0&#8243; _dynamic_attributes=&#8221;button_link&#8221; _module_preset=&#8221;default&#8221; header_level=&#8221;h2&#8243; header_font=&#8221;Mulish|800|||||||&#8221; header_font_size=&#8221;3vw&#8221; body_font=&#8221;Mulish|600|||||||&#8221; body_text_align=&#8221;justify&#8221; body_font_size=&#8221;20px&#8221; background_color=&#8221;rgba(89,77,71,0.79)&#8221; background_enable_color=&#8221;on&#8221; background_image=&#8221;https:\/\/colleverdehotel.it\/fr\/wp-content\/uploads\/sites\/9\/2022\/05\/PANORAMA.jpg&#8221; background_enable_image=&#8221;on&#8221; custom_button=&#8221;on&#8221; button_text_size=&#8221;20px&#8221; button_text_color=&#8221;#FFFFFF&#8221; button_bg_color=&#8221;#e4be80&#8243; button_font=&#8221;Advent Pro||||||||&#8221; custom_css_main_element=&#8221;min-height: calc(100vh &#8211; 80px)!important;&#8221; global_colors_info=&#8221;{}&#8221; sticky_transition=&#8221;on&#8221;]<\/p>\n<p style=\"text-align: justify;\">\u00c0 deux pas de la Vall\u00e9e des Temples, du centre historique et \u00e0 15 minutes en voiture de la Scala dei Turchi, le Colleverde Park Hotel est vraiment au centre de tout.<\/p>\n<p>[\/et_pb_slide][et_pb_slide heading=&#8221;ENVIRONNEMENTS UNIQUES ET RAFFIN\u00c9S&#8221; button_text=&#8221;D\u00e9couvrez l&#8217;h\u00f4tel&#8221; button_link=&#8221;@ET-DC@eyJkeW5hbWljIjp0cnVlLCJjb250ZW50IjoicG9zdF9saW5rX3VybF9wYWdlIiwic2V0dGluZ3MiOnsicG9zdF9pZCI6IjI0NDc0MSJ9fQ==@&#8221; image=&#8221;https:\/\/colleverdehotel.it\/fr\/wp-content\/uploads\/sites\/9\/2022\/03\/colleverde_ambienti.jpg&#8221; _builder_version=&#8221;4.21.0&#8243; _dynamic_attributes=&#8221;button_link&#8221; _module_preset=&#8221;default&#8221; header_font=&#8221;Mulish|800|||||||&#8221; header_font_size=&#8221;3vw&#8221; body_font=&#8221;Mulish|600|||||||&#8221; body_text_align=&#8221;justify&#8221; body_font_size=&#8221;20px&#8221; background_color=&#8221;rgba(89,77,71,0.76)&#8221; background_enable_color=&#8221;on&#8221; background_image=&#8221;https:\/\/colleverdehotel.it\/fr\/wp-content\/uploads\/sites\/9\/2022\/03\/colleverde_ambienti.jpg&#8221; background_enable_image=&#8221;on&#8221; custom_button=&#8221;on&#8221; button_text_size=&#8221;20px&#8221; button_bg_color=&#8221;#e4be80&#8243; button_font=&#8221;Advent Pro||||||||&#8221; custom_css_main_element=&#8221;min-height: calc(100vh &#8211; 80px)!important;&#8221; global_colors_info=&#8221;{}&#8221; sticky_transition=&#8221;on&#8221;]<\/p>\n<p style=\"text-align: justify;\">Des c\u00e9ramiques pr\u00e9cieuses, des meubles siciliens du XIXe si\u00e8cle et des tapis persans cr\u00e9ent un environnement \u00e9l\u00e9gant \u00e0 l&#8217;atmosph\u00e8re familiale. Dans ses espaces, il est possible de prendre un verre, de se plonger dans la lecture ou simplement de se d\u00e9tendre en admirant le panorama entour\u00e9 de splendides plantes m\u00e9diterran\u00e9ennes et tropicales.<\/p>\n<p>[\/et_pb_slide][et_pb_slide heading=&#8221;LE MEILLEUR TARIF GARANTI&#8221; button_text=&#8221;reserver&#8221; button_link=&#8221;https:\/\/www.scidoo.com\/preventivov2\/?cod=1162&#8243; url_new_window=&#8221;on&#8221; image=&#8221;https:\/\/colleverdehotel.it\/fr\/wp-content\/uploads\/sites\/9\/2023\/04\/SUPERIOR_concordia.jpeg&#8221; _builder_version=&#8221;4.23.2&#8243; _module_preset=&#8221;default&#8221; header_font=&#8221;Mulish|800|||||||&#8221; header_font_size=&#8221;3vw&#8221; body_font=&#8221;Mulish|600|||||||&#8221; body_text_align=&#8221;justify&#8221; body_font_size=&#8221;20px&#8221; background_color=&#8221;rgba(89,77,71,0.77)&#8221; background_enable_color=&#8221;on&#8221; background_image=&#8221;https:\/\/colleverdehotel.it\/fr\/wp-content\/uploads\/sites\/9\/2023\/04\/SUPERIOR_concordia.jpeg&#8221; background_enable_image=&#8221;on&#8221; custom_button=&#8221;on&#8221; button_text_size=&#8221;20px&#8221; button_bg_color=&#8221;#e4be80&#8243; button_font=&#8221;Advent Pro||||||||&#8221; link_option_url=&#8221;https:\/\/www.scidoo.com\/preventivov2\/?cod=1162&#8243; link_option_url_new_window=&#8221;on&#8221; hover_enabled=&#8221;0&#8243; custom_css_main_element=&#8221;min-height: calc(100vh &#8211; 80px)!important;&#8221; global_colors_info=&#8221;{}&#8221; sticky_transition=&#8221;on&#8221; sticky_enabled=&#8221;0&#8243;]<\/p>\n<p style=\"text-align: justify;\">R\u00e9servez directement avec nous et \u00e9conomisez! Notre h\u00f4tel vous propose le meilleur tarif du web. Profitez de nos offres exclusives, r\u00e9servez en toute confiance et profitez d&#8217;un maximum de confort au prix le moins cher.<\/p>\n<p>[\/et_pb_slide][et_pb_slide heading=&#8221;AU CENTRE DE TOUT&#8221; button_text=&#8221;D\u00c9COUVREZ AGRIGENTE&#8221; button_link=&#8221;@ET-DC@eyJkeW5hbWljIjp0cnVlLCJjb250ZW50IjoicG9zdF9saW5rX3VybF9wYWdlIiwic2V0dGluZ3MiOnsicG9zdF9pZCI6IjI0NDE4NyJ9fQ==@&#8221; image=&#8221;https:\/\/colleverdehotel.it\/fr\/wp-content\/uploads\/sites\/9\/2022\/03\/colleverde_templi.jpg&#8221; _builder_version=&#8221;4.21.0&#8243; _dynamic_attributes=&#8221;button_link&#8221; _module_preset=&#8221;default&#8221; header_font=&#8221;Mulish|800|||||||&#8221; header_font_size=&#8221;3vw&#8221; body_font=&#8221;Mulish|600|||||||&#8221; body_text_align=&#8221;justify&#8221; body_font_size=&#8221;20px&#8221; background_color=&#8221;rgba(89,77,71,0.8)&#8221; background_enable_color=&#8221;on&#8221; background_image=&#8221;https:\/\/colleverdehotel.it\/fr\/wp-content\/uploads\/sites\/9\/2022\/03\/colleverde_templi.jpg&#8221; background_enable_image=&#8221;on&#8221; custom_button=&#8221;on&#8221; button_text_size=&#8221;20px&#8221; button_bg_color=&#8221;#e4be80&#8243; button_font=&#8221;Advent Pro||||||||&#8221; custom_css_main_element=&#8221;min-height: calc(100vh &#8211; 80px)!important;&#8221; global_colors_info=&#8221;{}&#8221; sticky_transition=&#8221;on&#8221;]<\/p>\n<p style=\"text-align: justify;\">L&#8217;emplacement est particuli\u00e8rement pratique pour ceux qui viennent \u00e0 Agrigente. Le centre-ville, l&#8217;entr\u00e9e du temple de Giunone et de la Via Sacra, le mus\u00e9e arch\u00e9ologique, le quartier hell\u00e9nistique-romain, l&#8217;\u00e9glise m\u00e9di\u00e9vale de San Nicola sont tous tr\u00e8s proches et facilement accessibles \u00e0 pied.<\/p>\n<p>[\/et_pb_slide][et_pb_slide heading=&#8221;UNE VUE UNIQUE&#8221; button_text=&#8221;D\u00c9COUVREZ LES CHAMBRES&#8221; button_link=&#8221;@ET-DC@eyJkeW5hbWljIjp0cnVlLCJjb250ZW50IjoicG9zdF9saW5rX3VybF9wYWdlIiwic2V0dGluZ3MiOnsicG9zdF9pZCI6IjU3MCJ9fQ==@&#8221; image=&#8221;https:\/\/colleverdehotel.it\/fr\/wp-content\/uploads\/sites\/9\/2023\/05\/Superior_6.jpg&#8221; _builder_version=&#8221;4.21.0&#8243; _dynamic_attributes=&#8221;button_link&#8221; _module_preset=&#8221;default&#8221; header_font=&#8221;Mulish|800|||||||&#8221; header_font_size=&#8221;3vw&#8221; body_font=&#8221;Mulish|600|||||||&#8221; body_text_align=&#8221;justify&#8221; body_font_size=&#8221;20px&#8221; background_color=&#8221;rgba(89,77,71,0.8)&#8221; background_enable_color=&#8221;on&#8221; background_image=&#8221;https:\/\/colleverdehotel.it\/fr\/wp-content\/uploads\/sites\/9\/2022\/03\/colleverde_templi.jpg&#8221; background_enable_image=&#8221;on&#8221; custom_button=&#8221;on&#8221; button_text_size=&#8221;20px&#8221; button_bg_color=&#8221;#e4be80&#8243; button_font=&#8221;Advent Pro||||||||&#8221; custom_css_main_element=&#8221;min-height: calc(100vh &#8211; 80px)!important;&#8221; global_colors_info=&#8221;{}&#8221; sticky_transition=&#8221;on&#8221;]<\/p>\n<p style=\"text-align: justify;\">De certaines chambres de l&#8217;h\u00f4tel s&#8217;ouvre un spectacle enchanteur : la vue sur la Vall\u00e9e des Temples. Les colonnes antiques et les temples majestueux \u00e9mergent fi\u00e8rement du paysage, t\u00e9moins silencieux d&#8217;une civilisation mill\u00e9naire. Dans ce lieu magique, le pass\u00e9 se m\u00eale \u00e0 la beaut\u00e9 naturelle, offrant une exp\u00e9rience inoubliable \u00e0 nos h\u00f4tes.<\/p>\n<p>[\/et_pb_slide][\/et_pb_slider][\/et_pb_column][\/et_pb_row][\/et_pb_section][et_pb_section fb_built=&#8221;1&#8243; fullwidth=&#8221;on&#8221; _builder_version=&#8221;4.21.0&#8243; _module_preset=&#8221;default&#8221; background_color=&#8221;RGBA(255,255,255,0)&#8221; custom_margin=&#8221;||||false|false&#8221; custom_padding=&#8221;0px||0px||true|false&#8221; global_colors_info=&#8221;{}&#8221;][et_pb_fullwidth_header header_scroll_down=&#8221;on&#8221; scroll_down_icon=&#8221;%%7%%&#8221; scroll_down_icon_color=&#8221;rgba(255,255,255,0.51)&#8221; scroll_down_icon_size=&#8221;70px&#8221; disabled_on=&#8221;on|on|off&#8221; _builder_version=&#8221;4.21.0&#8243; _module_preset=&#8221;default&#8221; background_color=&#8221;RGBA(255,255,255,0)&#8221; transform_translate=&#8221;0px|-120px&#8221; transform_translate_linked=&#8221;off&#8221; z_index=&#8221;20&#8243; module_alignment=&#8221;center&#8221; custom_margin=&#8221;||||true|false&#8221; custom_padding=&#8221;0px||0px||true|false&#8221; global_colors_info=&#8221;{}&#8221;][\/et_pb_fullwidth_header][\/et_pb_section][et_pb_section fb_built=&#8221;1&#8243; disabled_on=&#8221;off|off|on&#8221; _builder_version=&#8221;4.17.4&#8243; _module_preset=&#8221;default&#8221; custom_padding=&#8221;0px||0px||false|false&#8221; global_colors_info=&#8221;{}&#8221;][et_pb_row _builder_version=&#8221;4.17.4&#8243; _module_preset=&#8221;default&#8221; width=&#8221;100%&#8221; max_width=&#8221;2560px&#8221; custom_padding=&#8221;0px||0px||false|false&#8221; global_colors_info=&#8221;{}&#8221;][et_pb_column type=&#8221;4_4&#8243; _builder_version=&#8221;4.17.4&#8243; _module_preset=&#8221;default&#8221; global_colors_info=&#8221;{}&#8221;][et_pb_slider _builder_version=&#8221;4.21.0&#8243; _module_preset=&#8221;default&#8221; height=&#8221;300px&#8221; global_colors_info=&#8221;{}&#8221;][et_pb_slide _builder_version=&#8221;4.21.0&#8243; _module_preset=&#8221;default&#8221; background_enable_color=&#8221;off&#8221; background_image=&#8221;https:\/\/colleverdehotel.it\/fr\/wp-content\/uploads\/sites\/9\/2022\/03\/6_colleverde_hotel_panorama.jpg&#8221; background_enable_image=&#8221;on&#8221; global_colors_info=&#8221;{}&#8221; sticky_transition=&#8221;on&#8221;][\/et_pb_slide][et_pb_slide _builder_version=&#8221;4.20.4&#8243; _module_preset=&#8221;default&#8221; background_enable_color=&#8221;off&#8221; background_image=&#8221;https:\/\/colleverdehotel.it\/fr\/wp-content\/uploads\/sites\/9\/2023\/04\/SUPERIOR_concordia.jpeg&#8221; background_enable_image=&#8221;on&#8221; global_colors_info=&#8221;{}&#8221; sticky_transition=&#8221;on&#8221;][\/et_pb_slide][et_pb_slide _builder_version=&#8221;4.20.4&#8243; _module_preset=&#8221;default&#8221; background_enable_color=&#8221;off&#8221; background_image=&#8221;https:\/\/colleverdehotel.it\/fr\/wp-content\/uploads\/sites\/9\/2022\/06\/Colleverde-Park-Hotel-camera-panoramic-terrazza.jpg&#8221; background_enable_image=&#8221;on&#8221; global_colors_info=&#8221;{}&#8221; sticky_transition=&#8221;on&#8221;][\/et_pb_slide][\/et_pb_slider][\/et_pb_column][\/et_pb_row][\/et_pb_section][et_pb_section fb_built=&#8221;1&#8243; admin_label=&#8221;05&#8243; _builder_version=&#8221;4.16&#8243; _module_preset=&#8221;default&#8221; collapsed=&#8221;on&#8221; global_colors_info=&#8221;{}&#8221;][et_pb_row _builder_version=&#8221;4.21.0&#8243; _module_preset=&#8221;default&#8221; width=&#8221;90%&#8221; width_last_edited=&#8221;off|desktop&#8221; max_width=&#8221;1700px&#8221; custom_padding=&#8221;||11px|||&#8221; global_colors_info=&#8221;{}&#8221;][et_pb_column type=&#8221;4_4&#8243; _builder_version=&#8221;4.16&#8243; _module_preset=&#8221;default&#8221; global_colors_info=&#8221;{}&#8221;][dgat_advancedtab tab_animation=&#8221;slide_up&#8221; content_container_bgcolor=&#8221;#efefef&#8221; nav_align=&#8221;flex_center&#8221; use_scroll_to_content=&#8221;on&#8221; nav_item_bgcolor=&#8221;#e4be80&#8243; nav_item_use_gradient=&#8221;on&#8221; nav_item_color_gradient_1=&#8221;#3c5265&#8243; nav_item_color_gradient_2=&#8221;#3c5265&#8243; nav_item_background_image_size=&#8221;custom&#8221; nav_item_size_width=&#8221;100%&#8221; nav_item_size_height=&#8221;0%&#8221; nav_item_active_use_gradient=&#8221;on&#8221; nav_item_active_color_gradient_1=&#8221;#3c5265&#8243; nav_item_active_color_gradient_2=&#8221;#3c5265&#8243; nav_item_active_background_image_size=&#8221;custom&#8221; nav_item_active_size_width=&#8221;100%&#8221; nav_item_active_size_height=&#8221;100%&#8221; icon_color=&#8221;#FFFFFF&#8221; icon_size=&#8221;0px&#8221; button_bgcolor=&#8221;#ec407a&#8221; button_use_gradient=&#8221;on&#8221; button_color_gradient_1=&#8221;#ab47bc&#8221; button_color_gradient_2=&#8221;#ab47bc&#8221; button_background_image_size=&#8221;custom&#8221; button_size_width=&#8221;100%&#8221; button_size_height=&#8221;0%&#8221; button_margin=&#8221;30px||||false|false&#8221; button_padding=&#8221;|27px||27px|false|true&#8221; nav_wrapper_margin=&#8221;|50px|-60px|50px|false|true&#8221; nav_wrapper_margin_tablet=&#8221;&#8221; nav_wrapper_margin_phone=&#8221;|20px|-60px|20px|false|true&#8221; nav_wrapper_margin_last_edited=&#8221;on|phone&#8221; at_content_wrapper_padding=&#8221;103px||40px||false|false&#8221; image_wrapper_margin_tablet=&#8221;||37px||false|false&#8221; image_wrapper_margin_phone=&#8221;&#8221; image_wrapper_margin_last_edited=&#8221;on|tablet&#8221; nav_item_margin=&#8221;|13px||13px|false|true&#8221; nav_item_margin_tablet=&#8221;|0px|15px|0px|false|true&#8221; nav_item_margin_phone=&#8221;&#8221; nav_item_margin_last_edited=&#8221;on|tablet&#8221; nav_item_padding=&#8221;30px|28px|30px|28px|true|true&#8221; nav_item_first_margin=&#8221;|||0px|false|false&#8221; nav_item_last_margin=&#8221;|0px|||false|false&#8221; nav_icon_margin=&#8221;||7px||false|false&#8221; _builder_version=&#8221;4.21.0&#8243; _module_preset=&#8221;default&#8221; title_font=&#8221;Mulish|600|||||||&#8221; title_text_align=&#8221;left&#8221; title_text_color=&#8221;#FFFFFF&#8221; title_active_font=&#8221;Mulish||||||||&#8221; title_active_text_color=&#8221;#FFFFFF&#8221; subtitle_font=&#8221;Mulish||||||||&#8221; subtitle_text_align=&#8221;left&#8221; subtitle_text_color=&#8221;#FFFFFF&#8221; text_font=&#8221;Mulish||||||||&#8221; text_text_color=&#8221;#666666&#8243; header_text_color=&#8221;#000000&#8243; header_2_font=&#8221;Mulish|700|||||||&#8221; header_2_text_color=&#8221;#666666&#8243; header_2_font_size=&#8221;30px&#8221; button_font=&#8221;Poppins||||||||&#8221; button_text_color=&#8221;#FFFFFF&#8221; header_2_font_size_tablet=&#8221;&#8221; header_2_font_size_phone=&#8221;24px&#8221; header_2_font_size_last_edited=&#8221;on|phone&#8221; border_width_all=&#8221;0px&#8221; border_radii_nav_item=&#8221;on|6px|6px|6px|6px&#8221; global_colors_info=&#8221;{}&#8221; button_size_height__hover_enabled=&#8221;on|hover&#8221; button_size_height__hover=&#8221;100%&#8221;][dgat_advancedtabitem title=&#8221;Agrigente&#8221; use_icon=&#8221;on&#8221; font_icon=&#8221;&#xe009;||divi||400&#8243; image=&#8221;https:\/\/colleverdehotel.it\/fr\/wp-content\/uploads\/sites\/9\/2023\/05\/Superior_6.jpg&#8221; img_placement=&#8221;flex_right&#8221; img_container_width=&#8221;60%&#8221; img_placement_tablet=&#8221;flex_top&#8221; img_placement_phone=&#8221;flex_top&#8221; at_button_button_url_new_window=&#8221;1&#8243; image_wrapper_margin=&#8221;|||44px|false|false&#8221; image_size_maxwidth_tablet=&#8221;&#8221; image_size_maxwidth_phone=&#8221;80%&#8221; image_size_maxwidth_last_edited=&#8221;on|tablet&#8221; image_size_alignment_tablet=&#8221;&#8221; image_size_alignment_phone=&#8221;left&#8221; image_size_alignment_last_edited=&#8221;on|phone&#8221; _builder_version=&#8221;4.21.0&#8243; _module_preset=&#8221;default&#8221; border_radii_image=&#8221;on|7px|7px|7px|7px&#8221; global_colors_info=&#8221;{}&#8221;]<\/p>\n<h2>Agrigente<\/h2>\n<p style=\"text-align: justify;\">L\u2019actuelle Agrigente est l\u2019h\u00e9riti\u00e8re d\u2019une puissante cit\u00e9 de l\u2019Antiquit\u00e9, la c\u00e9l\u00e8bre Akragas, qui au 5 \u00e8me si\u00e8cle avant J.C., devint l\u2019une des villes les plus importantes et les plus florissantes du bassin m\u00e9diterran\u00e9en, lui valant le titre de &#8220;plus belle ville des mortels&#8221; (Pindare). Les extraordinaires vestiges conserv\u00e9s par le Mus\u00e9e Arch\u00e9ologique R\u00e9gional d&#8217;Agrigente et la majestueuse Vall\u00e9e des Temples, inscrite au patrimoine de l\u2019humanit\u00e9 de l\u2019UNESCO en t\u00e9moignent. Au coeur du parc arch\u00e9ologique, se cache le tr\u00e8s beau jardin de la Kolymbetra, \u00e0 l\u2019origine bassin de retenue de l\u2019antique Akragas. De l&#8217;\u00e9poque romaine ne subsistent que les restes des \u00e9l\u00e9gantes villas du Quartier h\u00e9ll\u00e9nistico-romain. La ville actuelle s\u2019est d\u00e9velopp\u00e9e autour de deux collines, la Rupe Atenea et la colline de Girgenti: c\u2019est sur cette derni\u00e8re qu\u2019est n\u00e9e la ville m\u00e9di\u00e9vale, l\u2019actuel centre historique. Celui-ci est parcouru par des ruelles d\u2019influence arabe qui relient de somptueux \u00e9difices et des \u00e9glises d\u2019\u00e9poques successives. La Via Atenea, bord\u00e9e de caf\u00e9s, de restaurants et de commerces, est le centre n\u00e9vralgique de la nouvelle et de la vieille Girgenti. De la toute proche Viale della Vittoria, l\u2019on domine la vall\u00e9e et la c\u00f4te, de Punta Bianca \u00e0 San Leone (zone baln\u00e9aire qui, avec le centre historique est au coeur de la vie festive argentine). A proximit\u00e9 de Porto Empedocle, dans la contrada Caos, se trouve la maison natale de Luigi Pirandello, dramaturge, po\u00e8te et prix Nobel de litt\u00e9rature, \u00e0 qui a \u00e9t\u00e9 d\u00e9di\u00e9 un parc litt\u00e9raire.<\/p>\n\n\t\t<style type=\"text\/css\">\n\t\t\t#gallery-1 {\n\t\t\t\tmargin: auto;\n\t\t\t}\n\t\t\t#gallery-1 .gallery-item {\n\t\t\t\tfloat: left;\n\t\t\t\tmargin-top: 10px;\n\t\t\t\ttext-align: center;\n\t\t\t\twidth: 33%;\n\t\t\t}\n\t\t\t#gallery-1 img {\n\t\t\t\tborder: 2px solid #cfcfcf;\n\t\t\t}\n\t\t\t#gallery-1 .gallery-caption {\n\t\t\t\tmargin-left: 0;\n\t\t\t}\n\t\t\t\/* see gallery_shortcode() in wp-includes\/media.php *\/\n\t\t<\/style>\n\t\t<div id='gallery-1' class='gallery galleryid-244187 gallery-columns-3 gallery-size-thumbnail'><dl class='gallery-item'>\n\t\t\t<dt class='gallery-icon landscape'>\n\t\t\t\t<a href='https:\/\/colleverdehotel.it\/fr\/colleverde_park_hotel_valle_dei_templi\/'><img loading=\"lazy\" decoding=\"async\" width=\"150\" height=\"150\" src=\"https:\/\/colleverdehotel.it\/fr\/wp-content\/uploads\/sites\/9\/2023\/05\/Colleverde_Park_Hotel_Valle_dei_Templi-150x150.jpg\" class=\"attachment-thumbnail size-thumbnail\" alt=\"\" \/><\/a>\n\t\t\t<\/dt><\/dl><dl class='gallery-item'>\n\t\t\t<dt class='gallery-icon landscape'>\n\t\t\t\t<a href='https:\/\/colleverdehotel.it\/fr\/colleverde_park_hotel_scala_dei_turchi\/'><img loading=\"lazy\" decoding=\"async\" width=\"150\" height=\"150\" src=\"https:\/\/colleverdehotel.it\/fr\/wp-content\/uploads\/sites\/9\/2023\/05\/Colleverde_Park_Hotel_Scala_dei_Turchi-150x150.jpg\" class=\"attachment-thumbnail size-thumbnail\" alt=\"\" \/><\/a>\n\t\t\t<\/dt><\/dl><dl class='gallery-item'>\n\t\t\t<dt class='gallery-icon landscape'>\n\t\t\t\t<a href='https:\/\/colleverdehotel.it\/fr\/colleverde_park_hotel_convento_filippini\/'><img loading=\"lazy\" decoding=\"async\" width=\"150\" height=\"150\" src=\"https:\/\/colleverdehotel.it\/fr\/wp-content\/uploads\/sites\/9\/2023\/05\/Colleverde_Park_Hotel_Convento_Filippini-150x150.jpg\" class=\"attachment-thumbnail size-thumbnail\" alt=\"\" \/><\/a>\n\t\t\t<\/dt><\/dl><br style=\"clear: both\" \/>\n\t\t<\/div>\n\n<p>[\/dgat_advancedtabitem][dgat_advancedtabitem title=&#8221;Luigi Pirandello&#8221; use_icon=&#8221;on&#8221; font_icon=&#8221;&#xe009;||divi||400&#8243; image=&#8221;https:\/\/colleverdehotel.it\/fr\/wp-content\/uploads\/sites\/9\/2023\/05\/Colleverde_Park_Hotel_Casa_Natale_Pirandello_2.jpg&#8221; img_placement=&#8221;flex_right&#8221; img_container_width=&#8221;60%&#8221; img_placement_tablet=&#8221;flex_top&#8221; img_placement_phone=&#8221;flex_top&#8221; at_button_button_url_new_window=&#8221;1&#8243; image_wrapper_margin=&#8221;|||44px|false|false&#8221; image_size_maxwidth_tablet=&#8221;&#8221; image_size_maxwidth_phone=&#8221;80%&#8221; image_size_maxwidth_last_edited=&#8221;on|tablet&#8221; image_size_alignment_tablet=&#8221;&#8221; image_size_alignment_phone=&#8221;left&#8221; image_size_alignment_last_edited=&#8221;on|phone&#8221; _builder_version=&#8221;4.21.0&#8243; _module_preset=&#8221;default&#8221; subtitle_font=&#8221;Mulish|600|||||||&#8221; subtitle_font_size=&#8221;13px&#8221; subtitle_line_height=&#8221;1.6em&#8221; border_radii_image=&#8221;on|7px|7px|7px|7px&#8221; global_colors_info=&#8221;{}&#8221;]<\/p>\n<h2>LUIGI PIRANDELLO<\/h2>\n<p style=\"text-align: justify;\">Surplombant la mer &#8220;africaine&#8221; ch\u00e8re \u00e0 l\u2019\u00e9crivain, la maison natale de Luigi Pirandello (1867-1936) se dresse dans la contrada Caos, entre Agrigente et Porto Empedocle: aujourd\u2019hui mus\u00e9e, elle conserve des photographies, lettres, manuscrits et de nombreux objets ayant appartenu au c\u00e9l\u00e8bre \u00e9crivain. Les cendres du dramaturge, laur\u00e9at du prix Nobel de litt\u00e9rature 1934, reposent \u00e0 proximit\u00e9, selon ses derni\u00e8res volont\u00e9s: &#8220;Que l\u2019urne fun\u00e9raire soit ramen\u00e9e en Sicile et scell\u00e9e dans quelque rude pierre de la campagne de Girgenti o\u00f9 je suis n\u00e9&#8221;.<br \/>La maison-mus\u00e9e est le coeur du Parc Litt\u00e9raire, point de d\u00e9part d\u2019un voyage sentimental, entre cours, places, quartiers et paysages de l\u2019agrigentin: des lieux ou flotte encore le souvenir de l\u2019\u00e9crivain. De nombreuses manifestations th\u00e9\u00e2trales et initiatives culturelles sont consacr\u00e9es \u00e0 Pirandello, parmi lesquelles &#8220;la semaine pirandellienne&#8221;: congr\u00e8s international r\u00e9unissant chaque ann\u00e9e un millier d\u2019\u00e9tudiants, professeurs, pr\u00e9sidents et doyens d\u2019universit\u00e9, critiques, journalistes et experts, venus de 30 provinces italiennes et de 8 pays.<\/p>\n\n\t\t<style type=\"text\/css\">\n\t\t\t#gallery-2 {\n\t\t\t\tmargin: auto;\n\t\t\t}\n\t\t\t#gallery-2 .gallery-item {\n\t\t\t\tfloat: left;\n\t\t\t\tmargin-top: 10px;\n\t\t\t\ttext-align: center;\n\t\t\t\twidth: 33%;\n\t\t\t}\n\t\t\t#gallery-2 img {\n\t\t\t\tborder: 2px solid #cfcfcf;\n\t\t\t}\n\t\t\t#gallery-2 .gallery-caption {\n\t\t\t\tmargin-left: 0;\n\t\t\t}\n\t\t\t\/* see gallery_shortcode() in wp-includes\/media.php *\/\n\t\t<\/style>\n\t\t<div id='gallery-2' class='gallery galleryid-244187 gallery-columns-3 gallery-size-thumbnail'><dl class='gallery-item'>\n\t\t\t<dt class='gallery-icon landscape'>\n\t\t\t\t<a href='https:\/\/colleverdehotel.it\/fr\/colleverde_park_hotel_casa_natale_pirandello_3\/'><img loading=\"lazy\" decoding=\"async\" width=\"150\" height=\"150\" src=\"https:\/\/colleverdehotel.it\/fr\/wp-content\/uploads\/sites\/9\/2023\/05\/Colleverde_Park_Hotel_Casa_Natale_Pirandello_3-150x150.jpg\" class=\"attachment-thumbnail size-thumbnail\" alt=\"\" \/><\/a>\n\t\t\t<\/dt><\/dl><dl class='gallery-item'>\n\t\t\t<dt class='gallery-icon landscape'>\n\t\t\t\t<a href='https:\/\/colleverdehotel.it\/fr\/colleverde_park_hotel_casa_natale_pirandello_2\/'><img loading=\"lazy\" decoding=\"async\" width=\"150\" height=\"150\" src=\"https:\/\/colleverdehotel.it\/fr\/wp-content\/uploads\/sites\/9\/2023\/05\/Colleverde_Park_Hotel_Casa_Natale_Pirandello_2-150x150.jpg\" class=\"attachment-thumbnail size-thumbnail\" alt=\"\" \/><\/a>\n\t\t\t<\/dt><\/dl><dl class='gallery-item'>\n\t\t\t<dt class='gallery-icon landscape'>\n\t\t\t\t<a href='https:\/\/colleverdehotel.it\/fr\/colleverde_park_hotel_casa_natale_pirandello_1\/'><img loading=\"lazy\" decoding=\"async\" width=\"150\" height=\"150\" src=\"https:\/\/colleverdehotel.it\/fr\/wp-content\/uploads\/sites\/9\/2023\/05\/Colleverde_Park_Hotel_Casa_Natale_Pirandello_1-150x150.jpg\" class=\"attachment-thumbnail size-thumbnail\" alt=\"\" \/><\/a>\n\t\t\t<\/dt><\/dl><br style=\"clear: both\" \/>\n\t\t<\/div>\n\n<p>[\/dgat_advancedtabitem][dgat_advancedtabitem title=&#8221;Le Centre historique&#8221; use_icon=&#8221;on&#8221; font_icon=&#8221;&#xe009;||divi||400&#8243; image=&#8221;https:\/\/colleverdehotel.it\/fr\/wp-content\/uploads\/sites\/9\/2023\/05\/Colleverde_Park_Hotel_Convento_Frati_Francescani_Minori.jpg&#8221; img_placement=&#8221;flex_right&#8221; img_container_width=&#8221;60%&#8221; vertical_align=&#8221;center&#8221; img_placement_tablet=&#8221;flex_top&#8221; img_placement_phone=&#8221;flex_top&#8221; at_button_button_text=&#8221;Read More&#8221; at_button_button_url_new_window=&#8221;1&#8243; image_wrapper_margin=&#8221;|||44px|false|false&#8221; image_size_maxwidth_tablet=&#8221;&#8221; image_size_maxwidth_phone=&#8221;80%&#8221; image_size_maxwidth_last_edited=&#8221;on|tablet&#8221; image_size_alignment_tablet=&#8221;&#8221; image_size_alignment_phone=&#8221;left&#8221; image_size_alignment_last_edited=&#8221;on|phone&#8221; _builder_version=&#8221;4.21.0&#8243; _module_preset=&#8221;default&#8221; border_radii_image=&#8221;on|7px|7px|7px|7px&#8221; global_colors_info=&#8221;{}&#8221;]<\/p>\n<h2>Le Centre historique<\/h2>\n<p class=\"testo\" style=\"text-align: justify;\">Le centre historique d\u2019Agrigente, avec ses ruelles, ses cours et ses petites places, est l\u2019un des exemples de structure urbaine typiquement arabe les plus authentiques et les mieux conserv\u00e9s de Sicile, bien que les \u00e9difices les plus anciens remontent \u00e0 la p\u00e9riode normande. Culminant l\u2019ensemble, la Cath\u00e9drale fond\u00e9e \u00e0 la fin du 11\u00e8me si\u00e8cle par San Gerlando: premier \u00e9v\u00eaque apr\u00e8s la domination musulmane et patron de la ville. Plusieurs fois remani\u00e9e et agrandie, elle se pr\u00e9sente comme un exemple admirable de fusion de divers styles. Pr\u00e9c\u00e9d\u00e9e par un escalier monumental, flanqu\u00e9e par un clocher massif datant de 1470, elle conserve l\u2019urne fun\u00e9raire en argent de San Gerlando, ainsi que des monuments fun\u00e9raires de nobles et d\u2019\u00e9v\u00eaques, de remarquables peintures, des fresques, des stucs ainsi qu\u2019un \u00e9l\u00e9gant plafond en bois.<br \/>Jouxtant la cath\u00e9drale, la Biblioth\u00e8que Lucchesiana datant du 18\u00e8me si\u00e8cle, conserve de nombreux livres pr\u00e9cieux. L\u2019\u00e9glise voisine de San Maria dei greci, doit son nom au fait qu\u2019elle c\u00e9l\u00e9brait initialement le culte gr\u00e9cocatholique, l\u2019atmosph\u00e8re recueillie de sa cour est, encore aujourd\u2019hui, empreinte de mysticisme oriental. Elle fut construite sur les ruines du Temple d\u2019Athena, remontant au 6\u00e8me si\u00e8cle avant J.C. : les restes des fondations sont encore visibles dans un petit passage souterrain, alors qu\u2019une partie de sa colonnade a \u00e9t\u00e9 englob\u00e9e dans les murs ext\u00e9rieurs de l\u2019\u00e9glise. L\u2019Abbaye de Santo Spirito, fond\u00e9e par la famille Chiaramonte \u00e0 la fin du 13\u00e8me si\u00e8cle, domine encore de nos jours ce qui fut la zone d\u2019expansion de la ville \u00e0 l\u2019\u00e9poque. L\u2019int\u00e9rieur de l\u2019\u00e9glise marque le triomphe de l\u2019art du stuc du sculpteur palermitain Giacomo Serpotta, qui v\u00e9cut et travailla entre la fin du 17\u00e8me et le d\u00e9but du 18\u00e8me si\u00e8cle; de superbes fen\u00eatres et portails de style chiaramontain donnent sur le cloitre quadrangulaire du monast\u00e8re voisin. A l\u2019int\u00e9rieur, jusqu\u2019en 2009, on pouvait admirer la Pinacoteca Sinatra, transf\u00e9r\u00e9e depuis dans le Palais des Filippini, via Atenea. Celle-ci rec\u00e8le une remarquable collection de tableaux du 19\u00e8me si\u00e8cle sicilien, oeuvres de peintres r\u00e9put\u00e9s de l\u2019\u00e9poque, qui d\u00e9peignent un Sicile \u00e0 la nature luxuriante. Autre exemple magistral de cette \u00e9poque: le Couvent Chiaramontain des Fr\u00e8res Mineurs, avec le portail de sa salle capitulaire flanqu\u00e9e de deux \u00e9l\u00e9gantes fen\u00eatre g\u00e9min\u00e9es. Le couvent \u00e0 \u00e9t\u00e9 annex\u00e9 \u00e0 la Basilique de l\u2019Immacul\u00e9e Conception ou Saint Fran\u00e7ois d\u2019Assise.<\/p>\n\n\t\t<style type=\"text\/css\">\n\t\t\t#gallery-3 {\n\t\t\t\tmargin: auto;\n\t\t\t}\n\t\t\t#gallery-3 .gallery-item {\n\t\t\t\tfloat: left;\n\t\t\t\tmargin-top: 10px;\n\t\t\t\ttext-align: center;\n\t\t\t\twidth: 33%;\n\t\t\t}\n\t\t\t#gallery-3 img {\n\t\t\t\tborder: 2px solid #cfcfcf;\n\t\t\t}\n\t\t\t#gallery-3 .gallery-caption {\n\t\t\t\tmargin-left: 0;\n\t\t\t}\n\t\t\t\/* see gallery_shortcode() in wp-includes\/media.php *\/\n\t\t<\/style>\n\t\t<div id='gallery-3' class='gallery galleryid-244187 gallery-columns-3 gallery-size-thumbnail'><dl class='gallery-item'>\n\t\t\t<dt class='gallery-icon landscape'>\n\t\t\t\t<a href='https:\/\/colleverdehotel.it\/fr\/colleverde_park_hotel_cattedrale\/'><img loading=\"lazy\" decoding=\"async\" width=\"150\" height=\"150\" src=\"https:\/\/colleverdehotel.it\/fr\/wp-content\/uploads\/sites\/9\/2023\/05\/Colleverde_Park_Hotel_Cattedrale-150x150.jpg\" class=\"attachment-thumbnail size-thumbnail\" alt=\"\" \/><\/a>\n\t\t\t<\/dt><\/dl><dl class='gallery-item'>\n\t\t\t<dt class='gallery-icon landscape'>\n\t\t\t\t<a href='https:\/\/colleverdehotel.it\/fr\/colleverde_park_hotel_convento_frati_francescani_minori\/'><img loading=\"lazy\" decoding=\"async\" width=\"150\" height=\"150\" src=\"https:\/\/colleverdehotel.it\/fr\/wp-content\/uploads\/sites\/9\/2023\/05\/Colleverde_Park_Hotel_Convento_Frati_Francescani_Minori-150x150.jpg\" class=\"attachment-thumbnail size-thumbnail\" alt=\"\" \/><\/a>\n\t\t\t<\/dt><\/dl><dl class='gallery-item'>\n\t\t\t<dt class='gallery-icon portrait'>\n\t\t\t\t<a href='https:\/\/colleverdehotel.it\/fr\/colleverde_park_hotel_santa_maria_dei_greci\/'><img loading=\"lazy\" decoding=\"async\" width=\"150\" height=\"150\" src=\"https:\/\/colleverdehotel.it\/fr\/wp-content\/uploads\/sites\/9\/2023\/05\/Colleverde_Park_Hotel_Santa_Maria_dei_Greci-rotated-e1684485938107-150x150.jpg\" class=\"attachment-thumbnail size-thumbnail\" alt=\"\" \/><\/a>\n\t\t\t<\/dt><\/dl><br style=\"clear: both\" \/><dl class='gallery-item'>\n\t\t\t<dt class='gallery-icon portrait'>\n\t\t\t\t<a href='https:\/\/colleverdehotel.it\/fr\/colleverde_park_hotel_santo_spirito\/'><img loading=\"lazy\" decoding=\"async\" width=\"150\" height=\"150\" src=\"https:\/\/colleverdehotel.it\/fr\/wp-content\/uploads\/sites\/9\/2023\/05\/Colleverde_Park_Hotel_Santo_Spirito-150x150.jpg\" class=\"attachment-thumbnail size-thumbnail\" alt=\"\" \/><\/a>\n\t\t\t<\/dt><\/dl><dl class='gallery-item'>\n\t\t\t<dt class='gallery-icon portrait'>\n\t\t\t\t<a href='https:\/\/colleverdehotel.it\/fr\/colleverde_park_hotel_via_atenea\/'><img loading=\"lazy\" decoding=\"async\" width=\"150\" height=\"150\" src=\"https:\/\/colleverdehotel.it\/fr\/wp-content\/uploads\/sites\/9\/2023\/05\/Colleverde_Park_Hotel_Via_Atenea-150x150.jpg\" class=\"attachment-thumbnail size-thumbnail\" alt=\"\" \/><\/a>\n\t\t\t<\/dt><\/dl>\n\t\t\t<br style='clear: both' \/>\n\t\t<\/div>\n\n<p>[\/dgat_advancedtabitem][dgat_advancedtabitem title=&#8221;Le Mer&#8221; use_icon=&#8221;on&#8221; font_icon=&#8221;&#xe009;||divi||400&#8243; image=&#8221;https:\/\/colleverdehotel.it\/fr\/wp-content\/uploads\/sites\/9\/2023\/05\/Colleverde_Park_Hotel_Punta_Bianca.jpg&#8221; img_placement=&#8221;flex_right&#8221; img_container_width=&#8221;60%&#8221; img_placement_tablet=&#8221;flex_top&#8221; img_placement_phone=&#8221;flex_top&#8221; at_button_button_url_new_window=&#8221;1&#8243; image_wrapper_margin=&#8221;|||44px|false|false&#8221; image_size_maxwidth_tablet=&#8221;&#8221; image_size_maxwidth_phone=&#8221;80%&#8221; image_size_maxwidth_last_edited=&#8221;on|tablet&#8221; image_size_alignment_tablet=&#8221;&#8221; image_size_alignment_phone=&#8221;left&#8221; image_size_alignment_last_edited=&#8221;on|phone&#8221; _builder_version=&#8221;4.21.0&#8243; _module_preset=&#8221;default&#8221; border_radii_image=&#8221;on|7px|7px|7px|7px&#8221; global_colors_info=&#8221;{}&#8221;]<\/p>\n<h2>Le Mer<\/h2>\n<h2 itemprop=\"name\"><a href=\"https:\/\/colleverdehotel.it\/it\/info\/agrigento\/59-il-mare.html\" itemprop=\"url\"><\/a><\/h2>\n<div itemprop=\"articleBody\">\n<p class=\"testo\">Les kilom\u00e8tres de plages de sables de San Leone (la partie d\u2019Agrigente n\u00e9e sur le lieu du port antique) sont une destination privil\u00e9gi\u00e9e pour les amateurs de loisirs baln\u00e9aires. Bord\u00e9es de bars et de restaurants, elles sont particuli\u00e8rement anim\u00e9es les soirs d\u2019\u00e9t\u00e9 et les week-ends. Vers l\u2019ouest, Punta Bianca, un \u00e9peron rocheux \u00e0 la blancheur immacul\u00e9e, s\u2019\u00e9tire vers le large, encadr\u00e9 de petite criques aux eaux limpides.<\/p>\n\n\t\t<style type=\"text\/css\">\n\t\t\t#gallery-4 {\n\t\t\t\tmargin: auto;\n\t\t\t}\n\t\t\t#gallery-4 .gallery-item {\n\t\t\t\tfloat: left;\n\t\t\t\tmargin-top: 10px;\n\t\t\t\ttext-align: center;\n\t\t\t\twidth: 33%;\n\t\t\t}\n\t\t\t#gallery-4 img {\n\t\t\t\tborder: 2px solid #cfcfcf;\n\t\t\t}\n\t\t\t#gallery-4 .gallery-caption {\n\t\t\t\tmargin-left: 0;\n\t\t\t}\n\t\t\t\/* see gallery_shortcode() in wp-includes\/media.php *\/\n\t\t<\/style>\n\t\t<div id='gallery-4' class='gallery galleryid-244187 gallery-columns-3 gallery-size-thumbnail'><dl class='gallery-item'>\n\t\t\t<dt class='gallery-icon landscape'>\n\t\t\t\t<a href='https:\/\/colleverdehotel.it\/fr\/colleverde_park_hotel__san_leone_2\/'><img loading=\"lazy\" decoding=\"async\" width=\"150\" height=\"150\" src=\"https:\/\/colleverdehotel.it\/fr\/wp-content\/uploads\/sites\/9\/2023\/05\/Colleverde_Park_Hotel__San_Leone_2-150x150.jpg\" class=\"attachment-thumbnail size-thumbnail\" alt=\"\" \/><\/a>\n\t\t\t<\/dt><\/dl><dl class='gallery-item'>\n\t\t\t<dt class='gallery-icon landscape'>\n\t\t\t\t<a href='https:\/\/colleverdehotel.it\/fr\/colleverde_park_hotel_punta_bianca\/'><img loading=\"lazy\" decoding=\"async\" width=\"150\" height=\"150\" src=\"https:\/\/colleverdehotel.it\/fr\/wp-content\/uploads\/sites\/9\/2023\/05\/Colleverde_Park_Hotel_Punta_Bianca-150x150.jpg\" class=\"attachment-thumbnail size-thumbnail\" alt=\"\" \/><\/a>\n\t\t\t<\/dt><\/dl><dl class='gallery-item'>\n\t\t\t<dt class='gallery-icon landscape'>\n\t\t\t\t<a href='https:\/\/colleverdehotel.it\/fr\/colleverde_park_hotel_san_leone_1\/'><img loading=\"lazy\" decoding=\"async\" width=\"150\" height=\"150\" src=\"https:\/\/colleverdehotel.it\/fr\/wp-content\/uploads\/sites\/9\/2023\/05\/Colleverde_Park_Hotel_San_Leone_1-150x150.jpg\" class=\"attachment-thumbnail size-thumbnail\" alt=\"\" \/><\/a>\n\t\t\t<\/dt><\/dl><br style=\"clear: both\" \/>\n\t\t<\/div>\n\n<\/div>\n<p>[\/dgat_advancedtabitem][dgat_advancedtabitem title=&#8221;La Vall\u00e9e des Temples&#8221; use_icon=&#8221;on&#8221; font_icon=&#8221;&#xe009;||divi||400&#8243; image=&#8221;https:\/\/colleverdehotel.it\/fr\/wp-content\/uploads\/sites\/9\/2023\/05\/Colleverde_Park_Hotel_Valle_dei_Templi_2.jpg&#8221; img_placement=&#8221;flex_right&#8221; img_container_width=&#8221;60%&#8221; img_placement_tablet=&#8221;flex_top&#8221; img_placement_phone=&#8221;flex_top&#8221; at_button_button_url_new_window=&#8221;1&#8243; image_wrapper_margin=&#8221;|||44px|false|false&#8221; image_size_maxwidth_tablet=&#8221;&#8221; image_size_maxwidth_phone=&#8221;80%&#8221; image_size_maxwidth_last_edited=&#8221;on|tablet&#8221; image_size_alignment_tablet=&#8221;&#8221; image_size_alignment_phone=&#8221;left&#8221; image_size_alignment_last_edited=&#8221;on|phone&#8221; _builder_version=&#8221;4.21.0&#8243; _module_preset=&#8221;default&#8221; border_radii_image=&#8221;on|7px|7px|7px|7px&#8221; global_colors_info=&#8221;{}&#8221;]<\/p>\n<h2>La Vall\u00e9e des Temples<\/h2>\n<p class=\"testo\" style=\"text-align: justify;\">La Vall\u00e9e des Temples, remarquablement g\u00e9r\u00e9e par l\u2019office du &#8220;Parc Arch\u00e9ologique et Paysager de la Vall\u00e9e des Temples&#8221; depuis 1997 est l\u2019un des 50 sites italiens inscrits au patrimoine de l\u2019humanit\u00e9 de l\u2019UNESCO. Les vestiges de sept temples doriques, remontant pour la plupart au 5 \u00e8me si\u00e8cle avant J.C., s\u2019\u00e9tendent le long d\u2019un ar\u00eate rocheuse surplombant la mer. Parmi eux, le Temple de la Concorde, consid\u00e9r\u00e9 comme le temple grec le mieux conserv\u00e9 hors de Gr\u00e8ce, les restes encore imposants du Temple de Zeus, troisi\u00e8me temple grec au monde par ses dimensions et le Temple des Dioscures: symbole traditionnel de la ville. Hors de l\u2019imposant mur d\u2019enceinte, au sud de la vall\u00e9e, le petit Temple d\u2019Esculape pr\u00e9sente un plan tr\u00e8s original, dit \u201cin antis double\u201c . Sur les pentes orientales de la Rupe Atenea, l\u2019\u00e9glise m\u00e9di\u00e9vale de San Biagio, construite sur les fondations du Temple de D\u00e9meter, domine le sanctuaire rupestre consacr\u00e9e \u00e0 cette m\u00eame divinit\u00e9. Entour\u00e9 par un bosquet d\u2019eucalyptus, avec une vue grandiose sur la vall\u00e9e, l\u2019endroit est encore impr\u00e9gn\u00e9 de mythe et de myst\u00e8re.<br \/>A l\u2019extr\u00e9mit\u00e9 occidentale de la Vall\u00e9e des Temples, a proximit\u00e9 du Temple des Dioscures, le jardin de la Kolymbetra, ancien bassin de retenue d\u2019\u00e9poque grecque, repris et g\u00e9r\u00e9 par le Fond Italien pour l\u2019Environnement qui y a ressuscit\u00e9 des cultures antiques et la flore d\u2019origine et a fait de ce jardin, un oasis d\u2019ombre et de fra\u00eecheur o\u00f9 l\u2019histoire et la nature se fondent en une expression unique. Situ\u00e9es sur un plateau d\u00e9limit\u00e9 au sud par la Vall\u00e9e des Temples, les fouilles arch\u00e9ologiques &#8211; commenc\u00e9es en 1950 &#8211; ont mis \u00e0 jour un important fragment de tissu urbain &#8211; qui occupe une superficie de 15000 m2 et est l\u2019un des mieux conserv\u00e9s de Sicile &#8211; connu sous le nom de Quartier Hell\u00e9nisticoromain. Outre les structures en hauteur, est r\u00e9apparu en partie le trac\u00e9 des rues, form\u00e9 d\u2019axes principaux (plateiai) entrecoup\u00e9s perpendiculairement d\u2019axes secondaires (stenopoi) selon les principes d\u2019urbanisme \u00e9tablis par Ippodamos de Milet. Les habitations nobles, dispos\u00e9es autour d\u2019un p\u00e9ristyle central sont pav\u00e9es d\u2019\u00e9l\u00e9gantes mosa\u00efques polychromes repr\u00e9sentant des motifs g\u00e9om\u00e9triques, des plantes ou des animaux; dessins qui ont inspir\u00e9 le nom des \u00e9difices, comme la maison de la gazelle.<\/p>\n\n\t\t<style type=\"text\/css\">\n\t\t\t#gallery-5 {\n\t\t\t\tmargin: auto;\n\t\t\t}\n\t\t\t#gallery-5 .gallery-item {\n\t\t\t\tfloat: left;\n\t\t\t\tmargin-top: 10px;\n\t\t\t\ttext-align: center;\n\t\t\t\twidth: 33%;\n\t\t\t}\n\t\t\t#gallery-5 img {\n\t\t\t\tborder: 2px solid #cfcfcf;\n\t\t\t}\n\t\t\t#gallery-5 .gallery-caption {\n\t\t\t\tmargin-left: 0;\n\t\t\t}\n\t\t\t\/* see gallery_shortcode() in wp-includes\/media.php *\/\n\t\t<\/style>\n\t\t<div id='gallery-5' class='gallery galleryid-244187 gallery-columns-3 gallery-size-thumbnail'><dl class='gallery-item'>\n\t\t\t<dt class='gallery-icon landscape'>\n\t\t\t\t<a href='https:\/\/colleverdehotel.it\/fr\/colleverde_park_hotel_kolymbetra_1\/'><img loading=\"lazy\" decoding=\"async\" width=\"150\" height=\"150\" src=\"https:\/\/colleverdehotel.it\/fr\/wp-content\/uploads\/sites\/9\/2023\/05\/Colleverde_Park_Hotel_Kolymbetra_1-150x150.jpg\" class=\"attachment-thumbnail size-thumbnail\" alt=\"\" \/><\/a>\n\t\t\t<\/dt><\/dl><dl class='gallery-item'>\n\t\t\t<dt class='gallery-icon landscape'>\n\t\t\t\t<a href='https:\/\/colleverdehotel.it\/fr\/colleverde_park_hotel_kolymbetra_2\/'><img loading=\"lazy\" decoding=\"async\" width=\"150\" height=\"150\" src=\"https:\/\/colleverdehotel.it\/fr\/wp-content\/uploads\/sites\/9\/2023\/05\/Colleverde_Park_Hotel_Kolymbetra_2-150x150.jpg\" class=\"attachment-thumbnail size-thumbnail\" alt=\"\" \/><\/a>\n\t\t\t<\/dt><\/dl><dl class='gallery-item'>\n\t\t\t<dt class='gallery-icon landscape'>\n\t\t\t\t<a href='https:\/\/colleverdehotel.it\/fr\/colleverde_park_hotel_kolymbetra_3\/'><img loading=\"lazy\" decoding=\"async\" width=\"150\" height=\"150\" src=\"https:\/\/colleverdehotel.it\/fr\/wp-content\/uploads\/sites\/9\/2023\/05\/Colleverde_Park_Hotel_Kolymbetra_3-150x150.jpg\" class=\"attachment-thumbnail size-thumbnail\" alt=\"\" \/><\/a>\n\t\t\t<\/dt><\/dl><br style=\"clear: both\" \/><dl class='gallery-item'>\n\t\t\t<dt class='gallery-icon landscape'>\n\t\t\t\t<a href='https:\/\/colleverdehotel.it\/fr\/colleverde_park_hotel_quartiere_ellenistico_1\/'><img loading=\"lazy\" decoding=\"async\" width=\"150\" height=\"150\" src=\"https:\/\/colleverdehotel.it\/fr\/wp-content\/uploads\/sites\/9\/2023\/05\/Colleverde_Park_Hotel_Quartiere_Ellenistico_1-150x150.jpg\" class=\"attachment-thumbnail size-thumbnail\" alt=\"\" \/><\/a>\n\t\t\t<\/dt><\/dl><dl class='gallery-item'>\n\t\t\t<dt class='gallery-icon landscape'>\n\t\t\t\t<a href='https:\/\/colleverdehotel.it\/fr\/colleverde_park_hotel_quartiere_ellenistico_2\/'><img loading=\"lazy\" decoding=\"async\" width=\"150\" height=\"150\" src=\"https:\/\/colleverdehotel.it\/fr\/wp-content\/uploads\/sites\/9\/2023\/05\/Colleverde_Park_Hotel_Quartiere_Ellenistico_2-150x150.jpg\" class=\"attachment-thumbnail size-thumbnail\" alt=\"\" \/><\/a>\n\t\t\t<\/dt><\/dl><dl class='gallery-item'>\n\t\t\t<dt class='gallery-icon landscape'>\n\t\t\t\t<a href='https:\/\/colleverdehotel.it\/fr\/colleverde_park_hotel_quartiere_ellenistico_3\/'><img loading=\"lazy\" decoding=\"async\" width=\"150\" height=\"150\" src=\"https:\/\/colleverdehotel.it\/fr\/wp-content\/uploads\/sites\/9\/2023\/05\/Colleverde_Park_Hotel_Quartiere_Ellenistico_3-150x150.jpg\" class=\"attachment-thumbnail size-thumbnail\" alt=\"\" \/><\/a>\n\t\t\t<\/dt><\/dl><br style=\"clear: both\" \/><dl class='gallery-item'>\n\t\t\t<dt class='gallery-icon landscape'>\n\t\t\t\t<a href='https:\/\/colleverdehotel.it\/fr\/colleverde_park_hotel_valle_dei_templi_1\/'><img loading=\"lazy\" decoding=\"async\" width=\"150\" height=\"150\" src=\"https:\/\/colleverdehotel.it\/fr\/wp-content\/uploads\/sites\/9\/2023\/05\/Colleverde_Park_Hotel_Valle_dei_Templi_1-150x150.jpg\" class=\"attachment-thumbnail size-thumbnail\" alt=\"\" \/><\/a>\n\t\t\t<\/dt><\/dl><dl class='gallery-item'>\n\t\t\t<dt class='gallery-icon landscape'>\n\t\t\t\t<a href='https:\/\/colleverdehotel.it\/fr\/colleverde_park_hotel_valle_dei_templi_2\/'><img loading=\"lazy\" decoding=\"async\" width=\"150\" height=\"150\" src=\"https:\/\/colleverdehotel.it\/fr\/wp-content\/uploads\/sites\/9\/2023\/05\/Colleverde_Park_Hotel_Valle_dei_Templi_2-150x150.jpg\" class=\"attachment-thumbnail size-thumbnail\" alt=\"\" \/><\/a>\n\t\t\t<\/dt><\/dl><dl class='gallery-item'>\n\t\t\t<dt class='gallery-icon landscape'>\n\t\t\t\t<a href='https:\/\/colleverdehotel.it\/fr\/colleverde_park_hotel_valle_dei_templi_3\/'><img loading=\"lazy\" decoding=\"async\" width=\"150\" height=\"150\" src=\"https:\/\/colleverdehotel.it\/fr\/wp-content\/uploads\/sites\/9\/2023\/05\/Colleverde_Park_Hotel_Valle_dei_Templi_3-150x150.jpg\" class=\"attachment-thumbnail size-thumbnail\" alt=\"\" \/><\/a>\n\t\t\t<\/dt><\/dl><br style=\"clear: both\" \/>\n\t\t<\/div>\n\n<p>[\/dgat_advancedtabitem][dgat_advancedtabitem title=&#8221;Le Mus\u00e9e Arch\u00e9ologique&#8221; use_icon=&#8221;on&#8221; font_icon=&#8221;&#xe009;||divi||400&#8243; image=&#8221;https:\/\/colleverdehotel.it\/fr\/wp-content\/uploads\/sites\/9\/2023\/05\/Colleverde_Park_Hotel_ekklesiasterion.jpg&#8221; img_placement=&#8221;flex_right&#8221; img_container_width=&#8221;60%&#8221; img_placement_tablet=&#8221;flex_top&#8221; img_placement_phone=&#8221;flex_top&#8221; at_button_button_url_new_window=&#8221;1&#8243; image_wrapper_margin=&#8221;|||44px|false|false&#8221; image_size_maxwidth_tablet=&#8221;&#8221; image_size_maxwidth_phone=&#8221;80%&#8221; image_size_maxwidth_last_edited=&#8221;on|tablet&#8221; image_size_alignment_tablet=&#8221;&#8221; image_size_alignment_phone=&#8221;left&#8221; image_size_alignment_last_edited=&#8221;on|phone&#8221; _builder_version=&#8221;4.21.0&#8243; _module_preset=&#8221;default&#8221; border_radii_image=&#8221;on|7px|7px|7px|7px&#8221; global_colors_info=&#8221;{}&#8221;]<\/p>\n<h2>Le Mus\u00e9e Arch\u00e9ologique<\/h2>\n<p>Le Mus\u00e9e Arch\u00e9ologique R\u00e9gional de San Nicola, ouvert en 1967, est l\u2019un des plus prestigieux de Sicile et conserve d\u2019exceptionnelles collections de pi\u00e8ces provenant d\u2019Agrigente et de son territoire, pr\u00e9sent\u00e9es de mani\u00e8re vivante et \u00e0 l\u2019impact visuel certain. Parmi les plus remarquables, la collection de vases, le dinos avec la plus ancienne repr\u00e9sentation de la Trinacria, le colossal T\u00e9lamon (7,61 m) du Temple de Zeus, l\u2019admirable statue connue sous le nom d\u2019Eph\u00e8be d\u2019Agrigente, les gargouilles \u00e0 t\u00eate de lion, les sarcophages grecs et romains et, dans une salle qui lui est enti\u00e8rement consacr\u00e9e, le magnifique crat\u00e8re de Gela qui repr\u00e9sente l\u2019Amazonomachie et la Centautomachie.<\/p>\n<p style=\"text-align: justify;\">Le mus\u00e9e est aussi le th\u00e9\u00e2tre de nombreuses initiatives culturelles, d\u2019\u00e9v\u00e9nements, congr\u00e8s et expositions. Le jardin s\u2019est r\u00e9cemment enrichi des oeuvres du sculpteur Greg Wyatt consacr\u00e9es \u00e0 Empedocle, illustre philosophe et citoyen de l\u2019antique Akr\u00e0gas grecque. Dans le voisinage imm\u00e9diat du Mus\u00e9e, l\u2019\u00e9glise m\u00e9di\u00e9vale de San Nicola, conserve le Sarcophage de Ph\u00e8dre (une des expressions majeures de la sculpture romaine en Sicile), l\u2019ekklesiasterion (lieu o\u00f9 se d\u00e9roulait les assembl\u00e9es publiques de l\u2019Akr\u00e0gas) dont la forme caract\u00e9ristique rappelle celle d\u2019un th\u00e9\u00e2tre et le petit temple romain, traditionnellement appel\u00e9 Oratoire de Phalaris. En face du mus\u00e9e, se trouve l\u2019acc\u00e8s au Quartier Hell\u00e9nisticoromain.<\/p>\n\n\t\t<style type=\"text\/css\">\n\t\t\t#gallery-6 {\n\t\t\t\tmargin: auto;\n\t\t\t}\n\t\t\t#gallery-6 .gallery-item {\n\t\t\t\tfloat: left;\n\t\t\t\tmargin-top: 10px;\n\t\t\t\ttext-align: center;\n\t\t\t\twidth: 33%;\n\t\t\t}\n\t\t\t#gallery-6 img {\n\t\t\t\tborder: 2px solid #cfcfcf;\n\t\t\t}\n\t\t\t#gallery-6 .gallery-caption {\n\t\t\t\tmargin-left: 0;\n\t\t\t}\n\t\t\t\/* see gallery_shortcode() in wp-includes\/media.php *\/\n\t\t<\/style>\n\t\t<div id='gallery-6' class='gallery galleryid-244187 gallery-columns-3 gallery-size-thumbnail'><dl class='gallery-item'>\n\t\t\t<dt class='gallery-icon landscape'>\n\t\t\t\t<a href='https:\/\/colleverdehotel.it\/fr\/colleverde_park_hotel_ekklesiasterion\/'><img loading=\"lazy\" decoding=\"async\" width=\"150\" height=\"150\" src=\"https:\/\/colleverdehotel.it\/fr\/wp-content\/uploads\/sites\/9\/2023\/05\/Colleverde_Park_Hotel_ekklesiasterion-150x150.jpg\" class=\"attachment-thumbnail size-thumbnail\" alt=\"\" \/><\/a>\n\t\t\t<\/dt><\/dl><dl class='gallery-item'>\n\t\t\t<dt class='gallery-icon landscape'>\n\t\t\t\t<a href='https:\/\/colleverdehotel.it\/fr\/colleverde_park_hotel_san_nicola\/'><img loading=\"lazy\" decoding=\"async\" width=\"150\" height=\"150\" src=\"https:\/\/colleverdehotel.it\/fr\/wp-content\/uploads\/sites\/9\/2023\/05\/Colleverde_Park_Hotel_San_Nicola-150x150.jpg\" class=\"attachment-thumbnail size-thumbnail\" alt=\"\" \/><\/a>\n\t\t\t<\/dt><\/dl><dl class='gallery-item'>\n\t\t\t<dt class='gallery-icon landscape'>\n\t\t\t\t<a href='https:\/\/colleverdehotel.it\/fr\/colleverde_park_hotel_torso_marmoreo\/'><img loading=\"lazy\" decoding=\"async\" width=\"150\" height=\"150\" src=\"https:\/\/colleverdehotel.it\/fr\/wp-content\/uploads\/sites\/9\/2023\/05\/Colleverde_Park_Hotel_torso_marmoreo-150x150.jpg\" class=\"attachment-thumbnail size-thumbnail\" alt=\"\" \/><\/a>\n\t\t\t<\/dt><\/dl><br style=\"clear: both\" \/><dl class='gallery-item'>\n\t\t\t<dt class='gallery-icon landscape'>\n\t\t\t\t<a href='https:\/\/colleverdehotel.it\/fr\/colleverde_park_hotel_vaso_attico_cratere_1\/'><img loading=\"lazy\" decoding=\"async\" width=\"150\" height=\"150\" src=\"https:\/\/colleverdehotel.it\/fr\/wp-content\/uploads\/sites\/9\/2023\/05\/Colleverde_Park_Hotel_vaso_attico_cratere_1-150x150.jpg\" class=\"attachment-thumbnail size-thumbnail\" alt=\"\" \/><\/a>\n\t\t\t<\/dt><\/dl>\n\t\t\t<br style='clear: both' \/>\n\t\t<\/div>\n\n<p>[\/dgat_advancedtabitem][\/dgat_advancedtab][\/et_pb_column][\/et_pb_row][\/et_pb_section]<\/p>\n","protected":false},"excerpt":{"rendered":"<p>\u00c0 deux pas de la Vall\u00e9e des Temples, du centre historique et \u00e0 15 minutes en voiture de la Scala dei Turchi, le Colleverde Park Hotel est vraiment au centre de tout.Des c\u00e9ramiques pr\u00e9cieuses, des meubles siciliens du XIXe si\u00e8cle et des tapis persans cr\u00e9ent un environnement \u00e9l\u00e9gant \u00e0 l&#8217;atmosph\u00e8re familiale. Dans ses espaces, il [&hellip;]<\/p>\n","protected":false},"author":1,"featured_media":0,"parent":0,"menu_order":0,"comment_status":"closed","ping_status":"closed","template":"","meta":{"_et_pb_use_builder":"on","_et_pb_old_content":"<!-- wp:divi\/placeholder \/-->","_et_gb_content_width":"","inline_featured_image":false,"footnotes":""},"class_list":["post-244187","page","type-page","status-publish","hentry"],"_links":{"self":[{"href":"https:\/\/colleverdehotel.it\/fr\/wp-json\/wp\/v2\/pages\/244187","targetHints":{"allow":["GET"]}}],"collection":[{"href":"https:\/\/colleverdehotel.it\/fr\/wp-json\/wp\/v2\/pages"}],"about":[{"href":"https:\/\/colleverdehotel.it\/fr\/wp-json\/wp\/v2\/types\/page"}],"author":[{"embeddable":true,"href":"https:\/\/colleverdehotel.it\/fr\/wp-json\/wp\/v2\/users\/1"}],"replies":[{"embeddable":true,"href":"https:\/\/colleverdehotel.it\/fr\/wp-json\/wp\/v2\/comments?post=244187"}],"version-history":[{"count":29,"href":"https:\/\/colleverdehotel.it\/fr\/wp-json\/wp\/v2\/pages\/244187\/revisions"}],"predecessor-version":[{"id":279613,"href":"https:\/\/colleverdehotel.it\/fr\/wp-json\/wp\/v2\/pages\/244187\/revisions\/279613"}],"wp:attachment":[{"href":"https:\/\/colleverdehotel.it\/fr\/wp-json\/wp\/v2\/media?parent=244187"}],"curies":[{"name":"wp","href":"https:\/\/api.w.org\/{rel}","templated":true}]}}